{"id":182,"date":"2019-08-11T20:32:12","date_gmt":"2019-08-11T17:32:12","guid":{"rendered":"http:\/\/psichoterapijos-mokymas.org\/grup\/?page_id=182"},"modified":"2026-03-23T22:39:53","modified_gmt":"2026-03-23T20:39:53","slug":"destytojai","status":"publish","type":"page","link":"https:\/\/www.psichoterapijos-mokymas.lt\/grup\/destytojai\/","title":{"rendered":"D\u0117stytojai"},"content":{"rendered":"\n<div class=\"wp-block-media-text alignwide\" style=\"grid-template-columns:19% auto\"><figure class=\"wp-block-media-text__media\"><img loading=\"lazy\" decoding=\"async\" width=\"1024\" height=\"683\" src=\"http:\/\/psichoterapijos-mokymas.org\/grup\/wp-content\/uploads\/2021\/02\/NK_08470-1024x683.jpg\" alt=\"\" class=\"wp-image-571 size-full\" srcset=\"https:\/\/www.psichoterapijos-mokymas.lt\/grup\/wp-content\/uploads\/2021\/02\/NK_08470-1024x683.jpg 1024w, https:\/\/www.psichoterapijos-mokymas.lt\/grup\/wp-content\/uploads\/2021\/02\/NK_08470-300x200.jpg 300w, https:\/\/www.psichoterapijos-mokymas.lt\/grup\/wp-content\/uploads\/2021\/02\/NK_08470-768x512.jpg 768w, https:\/\/www.psichoterapijos-mokymas.lt\/grup\/wp-content\/uploads\/2021\/02\/NK_08470-1536x1024.jpg 1536w, https:\/\/www.psichoterapijos-mokymas.lt\/grup\/wp-content\/uploads\/2021\/02\/NK_08470-2048x1365.jpg 2048w\" sizes=\"auto, (max-width: 1024px) 100vw, 1024px\" \/><\/figure><div class=\"wp-block-media-text__content\">\n<p><strong>Birut\u0117 \u0160vedait\u0117-Sakalausk\u0117<\/strong>&nbsp;&#8211; grupi\u0173 psichoterapeut\u0117 ir grupi\u0173 analitik\u0117. <br>Vilniaus universiteto Sociologijos ir socialinio darbo instituto docent\u0117, sociologijos moksl\u0173 daktar\u0117. Taip pat supervizor\u0117 &#8211; profesini\u0173 santyki\u0173 konsultant\u0117, Lietuvos supervizori\u0173 asociacijos nar\u0117 (LPSKA), supervizori\u0173 mokymo programos (VDU) d\u0117stytoja ir mokomoji supervizor\u0117. <br>Grupin\u0117s psichoterapijos mokymo programoje &#8211; supervizor\u0117,&nbsp;teorijos d\u0117stytoja&nbsp;bei Mokymo komiteto nar\u0117.<\/p>\n<\/div><\/div>\n\n\n\n<p><\/p>\n\n\n\n<div class=\"wp-block-media-text alignwide\" style=\"grid-template-columns:17% auto\"><figure class=\"wp-block-media-text__media\"><img loading=\"lazy\" decoding=\"async\" width=\"683\" height=\"1024\" src=\"http:\/\/psichoterapijos-mokymas.org\/grup\/wp-content\/uploads\/2019\/12\/milda_autukaite-683x1024.jpg\" alt=\"\" class=\"wp-image-435 size-full\" srcset=\"https:\/\/www.psichoterapijos-mokymas.lt\/grup\/wp-content\/uploads\/2019\/12\/milda_autukaite-683x1024.jpg 683w, https:\/\/www.psichoterapijos-mokymas.lt\/grup\/wp-content\/uploads\/2019\/12\/milda_autukaite-200x300.jpg 200w, https:\/\/www.psichoterapijos-mokymas.lt\/grup\/wp-content\/uploads\/2019\/12\/milda_autukaite-768x1152.jpg 768w\" sizes=\"auto, (max-width: 683px) 100vw, 683px\" \/><\/figure><div class=\"wp-block-media-text__content\">\n<p><strong>Milda Autukait\u0117<\/strong> &#8211; Organizacin\u0117s psichologijos magistr\u0117 (VU), programos \u201cDarbo su suaugusi\u0173j\u0173 grup\u0117mis organizacijose\u201d absolvent\u0117. Daugiau kaip 17 met\u0173 dirbusi personalo valdymo srityje,&nbsp;\u0161iuo metu konsultuoja organizacijas ir vadovus bei vadov\u0173 komandas.&nbsp;<br>Tavistock Institute of Human Relations tradicijoje dirbanti grupi\u0173 santyki\u0173 (Group Relations) konsultant\u0117, Tavistock Institute of Human Relations sertifikuota organizacij\u0173 konsultant\u0117 (\u201cPractitioner Certificate in Consulting and Change\u201d (P3C)).&nbsp;<br>LGAD nar\u0117, taip pat viena i\u0161 Grupi\u0173 santyki\u0173 draugijos Lietuvoje steig\u0117j\u0173 ir nar\u0117.<br>Programoje \u2013 supervizor\u0117,&nbsp;teorijos d\u0117stytoja&nbsp;bei Mokymo komiteto nar\u0117.<\/p>\n<\/div><\/div>\n\n\n\n<p><\/p>\n\n\n\n<div class=\"wp-block-media-text alignwide\" style=\"grid-template-columns:20% auto\"><figure class=\"wp-block-media-text__media\"><img loading=\"lazy\" decoding=\"async\" width=\"989\" height=\"1024\" src=\"http:\/\/psichoterapijos-mokymas.org\/grup\/wp-content\/uploads\/2020\/01\/Tamoseviciai42-e1578636032319-989x1024.jpg\" alt=\"\" class=\"wp-image-490 size-full\" srcset=\"https:\/\/www.psichoterapijos-mokymas.lt\/grup\/wp-content\/uploads\/2020\/01\/Tamoseviciai42-e1578636032319-989x1024.jpg 989w, https:\/\/www.psichoterapijos-mokymas.lt\/grup\/wp-content\/uploads\/2020\/01\/Tamoseviciai42-e1578636032319-290x300.jpg 290w, https:\/\/www.psichoterapijos-mokymas.lt\/grup\/wp-content\/uploads\/2020\/01\/Tamoseviciai42-e1578636032319-768x795.jpg 768w, https:\/\/www.psichoterapijos-mokymas.lt\/grup\/wp-content\/uploads\/2020\/01\/Tamoseviciai42-e1578636032319.jpg 1162w\" sizes=\"auto, (max-width: 989px) 100vw, 989px\" \/><\/figure><div class=\"wp-block-media-text__content\">\n<p><strong>J\u016brat\u0117 Ulevi\u010dien\u0117<\/strong>&nbsp;\u2013 psichoanalitik\u0117, psichoanalitin\u0117 psichoterapeut\u0117 ir grupi\u0173 analitik\u0117, supervizor\u0117.&nbsp;D\u0117sto VU Medicinos ir Filosofijos fakultet\u0173 podiplomini\u0173 psichoanaliz\u0117s, individualios psichodinamin\u0117s ir&nbsp;psichoanalitin\u0117s psichoterapijos bei&nbsp;grupin\u0117s analiz\u0117s mokymo programose.&nbsp;<br>\u0160iuo metu d\u0117sto grupin\u0117s analiz\u0117s teorij\u0105 V-VI kursui, veda supervizijas III-IV kursams.<\/p>\n<\/div><\/div>\n\n\n\n<p><\/p>\n\n\n\n<div class=\"wp-block-media-text alignwide\" style=\"grid-template-columns:15% auto\"><figure class=\"wp-block-media-text__media\"><img loading=\"lazy\" decoding=\"async\" width=\"768\" height=\"1024\" src=\"http:\/\/psichoterapijos-mokymas.org\/grup\/wp-content\/uploads\/2024\/01\/20240121_183503-768x1024.jpg\" alt=\"\" class=\"wp-image-702 size-full\" srcset=\"https:\/\/www.psichoterapijos-mokymas.lt\/grup\/wp-content\/uploads\/2024\/01\/20240121_183503-768x1024.jpg 768w, https:\/\/www.psichoterapijos-mokymas.lt\/grup\/wp-content\/uploads\/2024\/01\/20240121_183503-225x300.jpg 225w, https:\/\/www.psichoterapijos-mokymas.lt\/grup\/wp-content\/uploads\/2024\/01\/20240121_183503-1152x1536.jpg 1152w, https:\/\/www.psichoterapijos-mokymas.lt\/grup\/wp-content\/uploads\/2024\/01\/20240121_183503-1536x2048.jpg 1536w, https:\/\/www.psichoterapijos-mokymas.lt\/grup\/wp-content\/uploads\/2024\/01\/20240121_183503-scaled.jpg 1920w\" sizes=\"auto, (max-width: 768px) 100vw, 768px\" \/><\/figure><div class=\"wp-block-media-text__content\">\n<p><strong>Evaldas Simutis<\/strong>,&nbsp;psichologas, grupi\u0173 analitikas, psichodinamin\u0117s krypties psichoterapeutas. Dirba su suaugusiais individualiai ir grup\u0117se.&nbsp;Grupin\u0117s psichodinamin\u0117s psichoterapijos mokymo programoje veda supervizij\u0173 grupes bei grupi\u0173 psichoterapijos literat\u016bros analiz\u0117s seminarus.<\/p>\n<\/div><\/div>\n\n\n\n<p><\/p>\n\n\n\n<div class=\"wp-block-media-text alignwide\" style=\"grid-template-columns:15% auto\"><figure class=\"wp-block-media-text__media\"><img loading=\"lazy\" decoding=\"async\" width=\"768\" height=\"1024\" src=\"http:\/\/psichoterapijos-mokymas.org\/grup\/wp-content\/uploads\/2024\/01\/20221017_202043-768x1024.jpg\" alt=\"\" class=\"wp-image-704 size-full\" srcset=\"https:\/\/www.psichoterapijos-mokymas.lt\/grup\/wp-content\/uploads\/2024\/01\/20221017_202043-768x1024.jpg 768w, https:\/\/www.psichoterapijos-mokymas.lt\/grup\/wp-content\/uploads\/2024\/01\/20221017_202043-225x300.jpg 225w, https:\/\/www.psichoterapijos-mokymas.lt\/grup\/wp-content\/uploads\/2024\/01\/20221017_202043-1152x1536.jpg 1152w, https:\/\/www.psichoterapijos-mokymas.lt\/grup\/wp-content\/uploads\/2024\/01\/20221017_202043-1536x2048.jpg 1536w, https:\/\/www.psichoterapijos-mokymas.lt\/grup\/wp-content\/uploads\/2024\/01\/20221017_202043-scaled.jpg 1920w\" sizes=\"auto, (max-width: 768px) 100vw, 768px\" \/><\/figure><div class=\"wp-block-media-text__content\">\n<p><strong>Brigita Gulbinait\u0117 \u2013 Petkevi\u010dien\u0117<\/strong> \u2013 psicholog\u0117-psichoterapeut\u0117, grupi\u0173 analitik\u0117, Lietuvos grupin\u0117s<br>analiz\u0117s draugijos ir draugijos tarybos nar\u0117.<br>Programoje \u2013 grupin\u0117s psichoterapijos teorijos d\u0117stytoja, supervizor\u0117.<\/p>\n<\/div><\/div>\n\n\n\n<p><\/p>\n\n\n\n<div class=\"wp-block-media-text alignwide\" style=\"grid-template-columns:15% auto\"><figure class=\"wp-block-media-text__media\"><img loading=\"lazy\" decoding=\"async\" width=\"725\" height=\"1024\" src=\"http:\/\/psichoterapijos-mokymas.org\/grup\/wp-content\/uploads\/2024\/01\/Dalios-foto-725x1024.jpg\" alt=\"\" class=\"wp-image-707 size-full\" srcset=\"https:\/\/www.psichoterapijos-mokymas.lt\/grup\/wp-content\/uploads\/2024\/01\/Dalios-foto-725x1024.jpg 725w, https:\/\/www.psichoterapijos-mokymas.lt\/grup\/wp-content\/uploads\/2024\/01\/Dalios-foto-212x300.jpg 212w, https:\/\/www.psichoterapijos-mokymas.lt\/grup\/wp-content\/uploads\/2024\/01\/Dalios-foto-768x1085.jpg 768w, https:\/\/www.psichoterapijos-mokymas.lt\/grup\/wp-content\/uploads\/2024\/01\/Dalios-foto-1087x1536.jpg 1087w, https:\/\/www.psichoterapijos-mokymas.lt\/grup\/wp-content\/uploads\/2024\/01\/Dalios-foto.jpg 1416w\" sizes=\"auto, (max-width: 725px) 100vw, 725px\" \/><\/figure><div class=\"wp-block-media-text__content\">\n<p><strong>Dalia Beliukevi\u010di\u016bt\u0117<\/strong>.&nbsp;Grupi\u0173 psichoterapeut\u0117 ir grupi\u0173 analitik\u0117.&nbsp;Taip pat supervizor\u0117 \u2013 profesini\u0173 santyki\u0173 konsultant\u0117, Lietuvos supervizori\u0173 asociacijos tarybos nar\u0117 (LPSKA) ir nevyriausybin\u0117s organizacijos, veikian\u010dios socialinio darbo srityje, vadov\u0117.<br>Programoje \u2013 supervizor\u0117.<\/p>\n<\/div><\/div>\n\n\n\n<p><\/p>\n\n\n\n<div class=\"wp-block-media-text alignwide\" style=\"grid-template-columns:23% auto\"><figure class=\"wp-block-media-text__media\"><img loading=\"lazy\" decoding=\"async\" width=\"1024\" height=\"683\" src=\"http:\/\/psichoterapijos-mokymas.org\/grup\/wp-content\/uploads\/2024\/01\/Valentas-Neviera-9-1024x683.jpg\" alt=\"\" class=\"wp-image-686 size-full\" srcset=\"https:\/\/www.psichoterapijos-mokymas.lt\/grup\/wp-content\/uploads\/2024\/01\/Valentas-Neviera-9-1024x683.jpg 1024w, https:\/\/www.psichoterapijos-mokymas.lt\/grup\/wp-content\/uploads\/2024\/01\/Valentas-Neviera-9-300x200.jpg 300w, https:\/\/www.psichoterapijos-mokymas.lt\/grup\/wp-content\/uploads\/2024\/01\/Valentas-Neviera-9-768x512.jpg 768w, https:\/\/www.psichoterapijos-mokymas.lt\/grup\/wp-content\/uploads\/2024\/01\/Valentas-Neviera-9-1536x1025.jpg 1536w, https:\/\/www.psichoterapijos-mokymas.lt\/grup\/wp-content\/uploads\/2024\/01\/Valentas-Neviera-9.jpg 2048w\" sizes=\"auto, (max-width: 1024px) 100vw, 1024px\" \/><\/figure><div class=\"wp-block-media-text__content\">\n<p><strong>Valentas Neviera<\/strong> \u201eDarbo su suaugusi\u0173j\u0173 grup\u0117mis organizacijose\u201c programos absolventas, komunikacijos ir tvarumo ekspertas, daugiau nei 10 met\u0173 vadovaujantis komandoms didel\u0117se organizacijose, vedantis mokymus. <br>&#8222;Darbo su suaugusi\u0173j\u0173 grup\u0117mis organizacijose\u201c programoje veda supervizijas ir organizacij\u0173 steb\u0117jimo seminarus.&nbsp;<\/p>\n<\/div><\/div>\n\n\n\n<p><\/p>\n\n\n\n<div class=\"wp-block-media-text alignwide\" style=\"grid-template-columns:18% auto\"><figure class=\"wp-block-media-text__media\"><img loading=\"lazy\" decoding=\"async\" width=\"538\" height=\"707\" src=\"http:\/\/psichoterapijos-mokymas.org\/grup\/wp-content\/uploads\/2019\/12\/fullsizeoutput_50.jpeg\" alt=\"\" class=\"wp-image-425 size-full\" srcset=\"https:\/\/www.psichoterapijos-mokymas.lt\/grup\/wp-content\/uploads\/2019\/12\/fullsizeoutput_50.jpeg 538w, https:\/\/www.psichoterapijos-mokymas.lt\/grup\/wp-content\/uploads\/2019\/12\/fullsizeoutput_50-228x300.jpeg 228w\" sizes=\"auto, (max-width: 538px) 100vw, 538px\" \/><\/figure><div class=\"wp-block-media-text__content\">\n<p><strong>Saul\u0117 Suba\u010di\u016bt\u0117<\/strong> &#8211; VU organizacin\u0117s psichologijos magistras (2005). Psichodinamin\u0117s grupi\u0173 psichoterapijos studijos (3m.) &#8222;Darbo su suaugusi\u0173j\u0173 grup\u0117mis organizacijose&#8221; programos absolvent\u0117 (2016).<br>15m. dirba su \u017emon\u0117mis ir komandomis kaip &#8222;vidin\u0117&#8221; konsultant\u0117 verslo \u012fmon\u0117se.&nbsp;Patyrusi mokymo projekt\u0173 bei organizacij\u0173 konsultant\u0117.&nbsp;<br>Supervizor\u0117 ORG programoje. <br><\/p>\n<\/div><\/div>\n\n\n\n<div class=\"wp-block-media-text alignwide\" style=\"grid-template-columns:18% auto\"><figure class=\"wp-block-media-text__media\"><img loading=\"lazy\" decoding=\"async\" width=\"864\" height=\"1024\" src=\"http:\/\/psichoterapijos-mokymas.org\/grup\/wp-content\/uploads\/2024\/01\/Sigita-Zebrauskiene-864x1024.jpg\" alt=\"\" class=\"wp-image-699 size-full\" srcset=\"https:\/\/www.psichoterapijos-mokymas.lt\/grup\/wp-content\/uploads\/2024\/01\/Sigita-Zebrauskiene-864x1024.jpg 864w, https:\/\/www.psichoterapijos-mokymas.lt\/grup\/wp-content\/uploads\/2024\/01\/Sigita-Zebrauskiene-253x300.jpg 253w, https:\/\/www.psichoterapijos-mokymas.lt\/grup\/wp-content\/uploads\/2024\/01\/Sigita-Zebrauskiene-768x910.jpg 768w, https:\/\/www.psichoterapijos-mokymas.lt\/grup\/wp-content\/uploads\/2024\/01\/Sigita-Zebrauskiene-1296x1536.jpg 1296w, https:\/\/www.psichoterapijos-mokymas.lt\/grup\/wp-content\/uploads\/2024\/01\/Sigita-Zebrauskiene-1729x2048.jpg 1729w\" sizes=\"auto, (max-width: 864px) 100vw, 864px\" \/><\/figure><div class=\"wp-block-media-text__content\">\n<p><\/p>\n\n\n\n<p><strong>Sigita \u017debrauskien\u0117 <\/strong>&#8211; \u017emogi\u0161k\u0173j\u0173 i\u0161tekli\u0173 valdymo magistr\u0117, supervizor\u0117 \u2013 profesini\u0173 santyki\u0173 konsultant\u0117, programos \u201cDarbo su suaugusi\u0173j\u0173 grup\u0117mis organizacijose\u201d absolvent\u0117. Daugiau kaip 10 met\u0173 dirbo personalo valdymo srityje ir daugiau kaip 12 met\u0173 veda individualias, grupi\u0173 ir komand\u0173 supervizijas \u012fvairiose organizacijose.<br>Lietuvos profesini\u0173 santyki\u0173 konsultant\u0173 (supervizori\u0173) asociacijos tarybos nar\u0117 (LPSKA), d\u0117sto kurs\u0105 International Human Resource Management VU Ekonomikos ir verslo administravimo fakultete.<br>\u201eDarbo su suaugusi\u0173j\u0173 grup\u0117mis organizacijose\u201c programoje veda supervizijas.<br><\/p>\n<\/div><\/div>\n\n\n\n<div class=\"wp-block-media-text alignwide\" style=\"grid-template-columns:18% auto\"><figure class=\"wp-block-media-text__media\"><img loading=\"lazy\" decoding=\"async\" width=\"1024\" height=\"683\" src=\"http:\/\/psichoterapijos-mokymas.org\/grup\/wp-content\/uploads\/2024\/01\/IMG_0648-1024x683.jpg\" alt=\"\" class=\"wp-image-713 size-full\" srcset=\"https:\/\/www.psichoterapijos-mokymas.lt\/grup\/wp-content\/uploads\/2024\/01\/IMG_0648-1024x683.jpg 1024w, https:\/\/www.psichoterapijos-mokymas.lt\/grup\/wp-content\/uploads\/2024\/01\/IMG_0648-300x200.jpg 300w, https:\/\/www.psichoterapijos-mokymas.lt\/grup\/wp-content\/uploads\/2024\/01\/IMG_0648-768x512.jpg 768w, https:\/\/www.psichoterapijos-mokymas.lt\/grup\/wp-content\/uploads\/2024\/01\/IMG_0648-1536x1024.jpg 1536w, https:\/\/www.psichoterapijos-mokymas.lt\/grup\/wp-content\/uploads\/2024\/01\/IMG_0648-2048x1365.jpg 2048w\" sizes=\"auto, (max-width: 1024px) 100vw, 1024px\" \/><\/figure><div class=\"wp-block-media-text__content\">\n<p><\/p>\n\n\n\n<p><strong>Akvil\u0117 Stun\u017e\u0117nait\u0117<\/strong> \u2013 programos ,,Darbas su suaugusi\u0173j\u0173 grup\u0117mis organizacijose\u201d absolvent\u0117, Lietuvos grupin\u0117s analiz\u0117s draugijos nar\u0117 ir ge\u0161talto krypties psichoterapeut\u0117. Konsultuoju klientus individualiai, dirbu su organizacijomis jau&nbsp;20 met\u0173, konsultuoju, vedu mokymus, esu verslo partner\u0117 \u017emoni\u0173 ugdymui. <br>Programoje d\u0117stau organizacij\u0173 steb\u0117jim\u0105.&nbsp;<br><\/p>\n<\/div><\/div>\n\n\n\n<p><\/p>\n\n\n\n<p><\/p>\n\n\n\n<div class=\"wp-block-media-text alignwide\" style=\"grid-template-columns:18% auto\"><figure class=\"wp-block-media-text__media\"><img loading=\"lazy\" decoding=\"async\" width=\"1024\" height=\"975\" src=\"http:\/\/psichoterapijos-mokymas.org\/grup\/wp-content\/uploads\/2019\/11\/DSC_0861-e1574619113604-1024x975.jpg\" alt=\"\" class=\"wp-image-388 size-full\" srcset=\"https:\/\/www.psichoterapijos-mokymas.lt\/grup\/wp-content\/uploads\/2019\/11\/DSC_0861-e1574619113604-1024x975.jpg 1024w, https:\/\/www.psichoterapijos-mokymas.lt\/grup\/wp-content\/uploads\/2019\/11\/DSC_0861-e1574619113604-300x286.jpg 300w, https:\/\/www.psichoterapijos-mokymas.lt\/grup\/wp-content\/uploads\/2019\/11\/DSC_0861-e1574619113604-768x731.jpg 768w\" sizes=\"auto, (max-width: 1024px) 100vw, 1024px\" \/><\/figure><div class=\"wp-block-media-text__content\">\n<p><strong>Karina Mork\u016bnien\u0117<\/strong> &#8211; psicholog\u0117-psichoterapeut\u0117, supervizor\u0117, VU MF podiplomini\u0173 Individualios bei Grupin\u0117s psichodinamin\u0117s psichoterapijos program\u0173 d\u0117stytoja (<em>Psichodinamin\u0117 diagnostika ir Psichodinamin\u0117 asmenyb\u0117s samprata<\/em>). <br>Praktinio psichoterapinio darbo patirtis &#8211; 10 met\u0173. <br>Lietuvos psichoanaliz\u0117s draugijos nar\u0117.<\/p>\n<\/div><\/div>\n\n\n\n<p><\/p>\n\n\n\n<p><\/p>\n\n\n\n<div class=\"wp-block-media-text alignwide\" style=\"grid-template-columns:19% auto\"><figure class=\"wp-block-media-text__media\"><img loading=\"lazy\" decoding=\"async\" width=\"225\" height=\"320\" src=\"http:\/\/psichoterapijos-mokymas.org\/grup\/wp-content\/uploads\/2024\/01\/b90159_09b0d77008484f9eb2b2546178419134mv2.jpg.jpeg\" alt=\"\" class=\"wp-image-696 size-full\" srcset=\"https:\/\/www.psichoterapijos-mokymas.lt\/grup\/wp-content\/uploads\/2024\/01\/b90159_09b0d77008484f9eb2b2546178419134mv2.jpg.jpeg 225w, https:\/\/www.psichoterapijos-mokymas.lt\/grup\/wp-content\/uploads\/2024\/01\/b90159_09b0d77008484f9eb2b2546178419134mv2.jpg-211x300.jpeg 211w\" sizes=\"auto, (max-width: 225px) 100vw, 225px\" \/><\/figure><div class=\"wp-block-media-text__content\">\n<p><strong>Taida Tiri\u016bn\u0117<\/strong>&nbsp;\u2013 psicholog\u0117, turinti grupi\u0173 analitik\u0117s bei IP analitik\u0117s i\u0161silavinim\u0105.&nbsp;Konsultuoja priva\u010dioje praktikoje individualiai bei veda psichoterapines grupes. <br>Individualiosios psichologijos psichoterapijos ir analiz\u0117s programos&nbsp;kurator\u0117 ir&nbsp;mokytoja.&nbsp;<br>Grupin\u0117s psichoterapijos mokym\u0173 programoje&nbsp;\u0161iuo metu&nbsp;veda ma\u017e\u0105j\u0105 terapin\u0119 grup\u0119.&nbsp;<br>Programos MK nar\u0117<\/p>\n<\/div><\/div>\n\n\n\n<p><\/p>\n\n\n\n<div class=\"wp-block-media-text alignwide\" style=\"grid-template-columns:17% auto\"><figure class=\"wp-block-media-text__media\"><img loading=\"lazy\" decoding=\"async\" width=\"768\" height=\"1024\" src=\"http:\/\/psichoterapijos-mokymas.org\/grup\/wp-content\/uploads\/2024\/01\/nuotrauka-768x1024.jpg\" alt=\"\" class=\"wp-image-688 size-full\" srcset=\"https:\/\/www.psichoterapijos-mokymas.lt\/grup\/wp-content\/uploads\/2024\/01\/nuotrauka-768x1024.jpg 768w, https:\/\/www.psichoterapijos-mokymas.lt\/grup\/wp-content\/uploads\/2024\/01\/nuotrauka-225x300.jpg 225w, https:\/\/www.psichoterapijos-mokymas.lt\/grup\/wp-content\/uploads\/2024\/01\/nuotrauka.jpg 960w\" sizes=\"auto, (max-width: 768px) 100vw, 768px\" \/><\/figure><div class=\"wp-block-media-text__content\">\n<p><strong>Danguol\u0117 Andriu\u0161aitien\u0117&nbsp;<\/strong>&#8211; grupi\u0173 psichoterapeut\u0117, grupi\u0173 analitik\u0117.&nbsp;Socialinio darbo magistr\u0117 (VDU).&nbsp;Lietuvos grupin\u0117s analiz\u0117s draugijos nar\u0117.<br>Praktinio individualaus ir grupinio darbo su klientais sveikatos paslaugas teikian\u010diose \u012fstaigose ir priva\u010dioje praktikoje 23 metai.&nbsp;<br>Programoje veda ma\u017e\u0105j\u0105 terapin\u0119 grup\u0119.<\/p>\n<\/div><\/div>\n\n\n\n<p><\/p>\n\n\n\n<div class=\"wp-block-media-text alignwide\" style=\"grid-template-columns:17% auto\"><figure class=\"wp-block-media-text__media\"><img loading=\"lazy\" decoding=\"async\" width=\"203\" height=\"300\" src=\"http:\/\/psichoterapijos-mokymas.org\/grup\/wp-content\/uploads\/2024\/01\/HU6A3049-2-1-203x300-2.jpg\" alt=\"\" class=\"wp-image-684 size-full\"\/><\/figure><div class=\"wp-block-media-text__content\">\n<p><strong>\u017dilvinas Kunig\u0117lis<\/strong> &#8211; psichiatras, grupi\u0173 analitikas, psichodinamin\u0117s krypties psichoterapeutas. Dirba su suaugusiais individualiai ir grup\u0117se. <br>Programoje veda ma\u017e\u0105j\u0105 terapin\u0119 grup\u0119<\/p>\n<\/div><\/div>\n\n\n\n<p><\/p>\n\n\n\n<div class=\"wp-block-media-text alignwide\" style=\"grid-template-columns:17% auto\"><figure class=\"wp-block-media-text__media\"><img loading=\"lazy\" decoding=\"async\" width=\"1024\" height=\"683\" src=\"http:\/\/psichoterapijos-mokymas.org\/grup\/wp-content\/uploads\/2024\/01\/DSC_0941-2-1-1-1024x683.jpg\" alt=\"\" class=\"wp-image-682 size-full\" srcset=\"https:\/\/www.psichoterapijos-mokymas.lt\/grup\/wp-content\/uploads\/2024\/01\/DSC_0941-2-1-1-1024x683.jpg 1024w, https:\/\/www.psichoterapijos-mokymas.lt\/grup\/wp-content\/uploads\/2024\/01\/DSC_0941-2-1-1-300x200.jpg 300w, https:\/\/www.psichoterapijos-mokymas.lt\/grup\/wp-content\/uploads\/2024\/01\/DSC_0941-2-1-1-768x512.jpg 768w, https:\/\/www.psichoterapijos-mokymas.lt\/grup\/wp-content\/uploads\/2024\/01\/DSC_0941-2-1-1-1536x1024.jpg 1536w, https:\/\/www.psichoterapijos-mokymas.lt\/grup\/wp-content\/uploads\/2024\/01\/DSC_0941-2-1-1.jpg 2048w\" sizes=\"auto, (max-width: 1024px) 100vw, 1024px\" \/><\/figure><div class=\"wp-block-media-text__content\">\n<p><strong>Danut\u0117 Gustaityt\u0117<\/strong> &#8211; psicholog\u0117-psichoterapeut\u0117, grupi\u0173 analitik\u0117, Lietuvos grupin\u0117s analiz\u0117s draugijos nar\u0117.Praktinio psichoterapinio darbo patirtis &#8211; 18 met\u0173.Programoje veda ma\u017e\u0105j\u0105 terapin\u0119 grup\u0119.<br><\/p>\n<\/div><\/div>\n\n\n\n<p class=\"has-text-align-center\"><\/p>\n\n\n\n<div class=\"wp-block-media-text alignwide\" style=\"grid-template-columns:16% auto\"><figure class=\"wp-block-media-text__media\"><img loading=\"lazy\" decoding=\"async\" width=\"832\" height=\"1024\" src=\"http:\/\/psichoterapijos-mokymas.org\/grup\/wp-content\/uploads\/2020\/01\/IMG_7093-e1578636538244-832x1024.jpg\" alt=\"\" class=\"wp-image-494 size-full\" srcset=\"https:\/\/www.psichoterapijos-mokymas.lt\/grup\/wp-content\/uploads\/2020\/01\/IMG_7093-e1578636538244-832x1024.jpg 832w, https:\/\/www.psichoterapijos-mokymas.lt\/grup\/wp-content\/uploads\/2020\/01\/IMG_7093-e1578636538244-244x300.jpg 244w, https:\/\/www.psichoterapijos-mokymas.lt\/grup\/wp-content\/uploads\/2020\/01\/IMG_7093-e1578636538244-768x945.jpg 768w, https:\/\/www.psichoterapijos-mokymas.lt\/grup\/wp-content\/uploads\/2020\/01\/IMG_7093-e1578636538244.jpg 1696w\" sizes=\"auto, (max-width: 832px) 100vw, 832px\" \/><\/figure><div class=\"wp-block-media-text__content\">\n<p><strong>Zita Sad\u016bnait\u0117<\/strong>, socialin\u0117 darbuotoja, grupi\u0173 analitik\u0117, atvejo vadybinink\u0117. Dirba su suaugusiais individualiai ir grup\u0117se, psichoterapinio darbo praktika &#8211; 16 met\u0173. <br>Programoje veda ma\u017e\u0105j\u0105 grup\u0119.<\/p>\n<\/div><\/div>\n\n\n\n<p><\/p>\n\n\n\n<div class=\"wp-block-media-text alignwide\" style=\"grid-template-columns:16% auto\"><figure class=\"wp-block-media-text__media\"><img loading=\"lazy\" decoding=\"async\" width=\"210\" height=\"440\" src=\"http:\/\/psichoterapijos-mokymas.org\/grup\/wp-content\/uploads\/2024\/01\/Diana_02.jpg\" alt=\"\" class=\"wp-image-710 size-full\" srcset=\"https:\/\/www.psichoterapijos-mokymas.lt\/grup\/wp-content\/uploads\/2024\/01\/Diana_02.jpg 210w, https:\/\/www.psichoterapijos-mokymas.lt\/grup\/wp-content\/uploads\/2024\/01\/Diana_02-143x300.jpg 143w\" sizes=\"auto, (max-width: 210px) 100vw, 210px\" \/><\/figure><div class=\"wp-block-media-text__content\">\n<p><strong>Diana Nefien\u0117<\/strong> \u2013 psichodinamin\u0117s krypties grupi\u0173 psichoterapeut\u0117, grupi\u0173 analitik\u0117.<br>Socialinio darbo magistr\u0117. Grupin\u0117s analiz\u0117s draugijos nar\u0117. Dirba su suaugusiais<br>individualiai ir grup\u0117se.<br>Programoje veda ma\u017e\u0105j\u0105 terapin\u0119 grup\u0119.<\/p>\n<\/div><\/div>\n\n\n\n<p><\/p>\n\n\n\n<div class=\"wp-block-media-text alignwide\" style=\"grid-template-columns:17% auto\"><figure class=\"wp-block-media-text__media\"><img loading=\"lazy\" decoding=\"async\" width=\"642\" height=\"899\" src=\"http:\/\/psichoterapijos-mokymas.org\/grup\/wp-content\/uploads\/2024\/01\/IMG_0956.jpg\" alt=\"\" class=\"wp-image-683 size-full\" srcset=\"https:\/\/www.psichoterapijos-mokymas.lt\/grup\/wp-content\/uploads\/2024\/01\/IMG_0956.jpg 642w, https:\/\/www.psichoterapijos-mokymas.lt\/grup\/wp-content\/uploads\/2024\/01\/IMG_0956-214x300.jpg 214w\" sizes=\"auto, (max-width: 642px) 100vw, 642px\" \/><\/figure><div class=\"wp-block-media-text__content\">\n<p><strong>Sigita A\u0161vydien\u0117<\/strong> &#8211;&nbsp;psicholog\u0117 &#8211; psichoterapeut\u0117, grupi\u0173 analitik\u0117; VU ir Oslo GAI pirmos laidos GA kurso absolvent\u0117. <br>VU Individualios psichodinamin\u0117s&nbsp; psichoterapijos programos bei Grupin\u0117s psichoterapijos ir grupin\u0117s analiz\u0117s programos mokytoja. <br>\u0160iuo metu GA programoje vedu did\u017ei\u0105j\u0105 grup\u0119 ir esu supervizori\u0173 supervizor\u0117.&nbsp;<\/p>\n<\/div><\/div>\n\n\n\n<p><\/p>\n\n\n\n<p><\/p>\n\n\n\n<div class=\"wp-block-media-text alignwide\" style=\"grid-template-columns:18% auto\"><figure class=\"wp-block-media-text__media\"><img loading=\"lazy\" decoding=\"async\" width=\"257\" height=\"332\" src=\"http:\/\/psichoterapijos-mokymas.org\/grup\/wp-content\/uploads\/2019\/11\/RV-foto-e1577559256564.jpg\" alt=\"\" class=\"wp-image-353 size-full\" srcset=\"https:\/\/www.psichoterapijos-mokymas.lt\/grup\/wp-content\/uploads\/2019\/11\/RV-foto-e1577559256564.jpg 257w, https:\/\/www.psichoterapijos-mokymas.lt\/grup\/wp-content\/uploads\/2019\/11\/RV-foto-e1577559256564-232x300.jpg 232w\" sizes=\"auto, (max-width: 257px) 100vw, 257px\" \/><\/figure><div class=\"wp-block-media-text__content\">\n<p><strong>dr. Rima Vili\u016bnien\u0117 <\/strong>&#8211; psichodinamin\u0117s krypties psichoterapeut\u0117, psichiatr\u0117, psichoanaliz\u0117s kandidat\u0117, docent\u0117 (VU MF), LPaD mokytoja. <br>Individualios psichodinamin\u0117s psichoterapijos mokymo programos d\u0117stytoja, supervizor\u0117, programos vadov\u0117. <br>Grupin\u0117s psichodinamin\u0117s\u00a0psichoterapijos programos d\u0117stytoja <em>(Psichodinamin\u0117 diagnostika,  Psichodinamin\u0117 psichiatrija).<\/em> <br><\/p>\n\n\n\n<p><\/p>\n<\/div><\/div>\n\n\n\n<p><\/p>\n\n\n\n<figure class=\"wp-block-image\"><img decoding=\"async\" src=\"https:\/\/ssl.gstatic.com\/ui\/v1\/icons\/mail\/images\/cleardot.gif\" alt=\"\"\/><\/figure>\n\n\n\n<p><\/p>\n","protected":false},"excerpt":{"rendered":"<p>Birut\u0117 \u0160vedait\u0117-Sakalausk\u0117&nbsp;&#8211; grupi\u0173 psichoterapeut\u0117 ir grupi\u0173 analitik\u0117. Vilniaus universiteto Sociologijos ir socialinio darbo instituto docent\u0117, sociologijos moksl\u0173 daktar\u0117. Taip pat supervizor\u0117 &#8211; profesini\u0173 santyki\u0173 konsultant\u0117, Lietuvos supervizori\u0173 asociacijos nar\u0117 (LPSKA), supervizori\u0173 mokymo programos (VDU) d\u0117stytoja ir mokomoji supervizor\u0117. Grupin\u0117s psichoterapijos mokymo programoje &#8211; supervizor\u0117,&nbsp;teorijos d\u0117stytoja&nbsp;bei Mokymo komiteto nar\u0117. Milda Autukait\u0117 &#8211; Organizacin\u0117s psichologijos magistr\u0117 (VU),<\/p>\n<p class=\"text-right\"><span class=\"screen-reader-text\">Skaityti toliau&#8230; D\u0117stytojai<\/span><a class=\"btn btn-secondary continue-reading\" href=\"https:\/\/www.psichoterapijos-mokymas.lt\/grup\/destytojai\/\">Skaityti toliau&#8230;<\/a><\/p>\n","protected":false},"author":1,"featured_media":0,"parent":0,"menu_order":8,"comment_status":"closed","ping_status":"closed","template":"","meta":{"footnotes":""},"class_list":["post-182","page","type-page","status-publish","hentry"],"aioseo_notices":[],"_links":{"self":[{"href":"https:\/\/www.psichoterapijos-mokymas.lt\/grup\/wp-json\/wp\/v2\/pages\/182","targetHints":{"allow":["GET"]}}],"collection":[{"href":"https:\/\/www.psichoterapijos-mokymas.lt\/grup\/wp-json\/wp\/v2\/pages"}],"about":[{"href":"https:\/\/www.psichoterapijos-mokymas.lt\/grup\/wp-json\/wp\/v2\/types\/page"}],"author":[{"embeddable":true,"href":"https:\/\/www.psichoterapijos-mokymas.lt\/grup\/wp-json\/wp\/v2\/users\/1"}],"replies":[{"embeddable":true,"href":"https:\/\/www.psichoterapijos-mokymas.lt\/grup\/wp-json\/wp\/v2\/comments?post=182"}],"version-history":[{"count":94,"href":"https:\/\/www.psichoterapijos-mokymas.lt\/grup\/wp-json\/wp\/v2\/pages\/182\/revisions"}],"predecessor-version":[{"id":945,"href":"https:\/\/www.psichoterapijos-mokymas.lt\/grup\/wp-json\/wp\/v2\/pages\/182\/revisions\/945"}],"wp:attachment":[{"href":"https:\/\/www.psichoterapijos-mokymas.lt\/grup\/wp-json\/wp\/v2\/media?parent=182"}],"curies":[{"name":"wp","href":"https:\/\/api.w.org\/{rel}","templated":true}]}}