{"id":56,"date":"2019-07-16T19:58:31","date_gmt":"2019-07-16T19:58:31","guid":{"rendered":"http:\/\/psichoterapijos-mokymas.org\/grup\/\/?page_id=56"},"modified":"2019-12-24T12:52:13","modified_gmt":"2019-12-24T10:52:13","slug":"ii-kursas","status":"publish","type":"page","link":"https:\/\/www.psichoterapijos-mokymas.lt\/grup\/programa\/ii-kursas\/","title":{"rendered":"II kursas"},"content":{"rendered":"\n<p><strong>ASMENYB\u0116S RAIDOS TEORIJOS<\/strong> <em>(I. \u0160ulcien\u0117)<\/em><\/p>\n\n\n\n<p>Studentai susipa\u017eins su psichodinamin\u0117mis asmenyb\u0117s raidos teorijomis ir raidos tyrim\u0173 \u012ftaka teorijai ir praktikai. \u012egis \u017eini\u0173 apie psichodinamin\u0119 asmenyb\u0117s samprat\u0105 bei skirting\u0173 teorij\u0173 po\u017ei\u016br\u012f \u012f raid\u0105 bei psichopatologijos formavim\u0105si.&nbsp;<\/p>\n\n\n\n<ol class=\"wp-block-list\"><li><strong>Psichodinamin\u0117 asmenyb\u0117s&nbsp;&nbsp;samprata.&nbsp;&nbsp;Vaiko aplinka, motinyst\u0117, t\u0117vyst\u0117.&nbsp;<\/strong><br>Vaiko aplinkos \u012ftaka asmenyb\u0117s formavimuisi. Motinyst\u0117s, t\u0117vyst\u0117s kaip pereinamojo, krizinio laikotarpio samprata. Motinyst\u0117s ir t\u0117vyst\u0117s i\u0161\u0161\u016bkiai \u0161iuolaikiniame, dinami\u0161kame pasaulyje.&nbsp;<\/li><li><strong>Psichoseksualinis vystymasis. S. Freud asmenyb\u0117s raidos teorija: oralin\u0117 raidos faz\u0117. Pirmieji metai, k\u016bdikio raidos steb\u0117jimai.<\/strong><br>Var\u0173, ego, objekt\u0173 ry\u0161i\u0173, prierai\u0161umo teorij\u0173 po\u017ei\u016bris \u012f vaiko raid\u0105 nuo gimimo iki pirm\u0173j\u0173 met\u0173. K\u016bdikio raidos steb\u0117jim\u0173 \u012ftaka teorijai ir praktikai.&nbsp;<\/li><li><strong>1-2metai,&nbsp;&nbsp;analin\u0117 raidos faz\u0117s u\u017edaviniai.<\/strong> <br>Vaiko raidos 1-2m. ypatumai. Pereinamojo objekto ir pereinam\u0173j\u0173 rei\u0161kini\u0173 samprata Winikoto teorijoje. A\u0161 vaizdo&nbsp;&nbsp;raida.&nbsp;&nbsp;<\/li><li><strong>Edipinis laikotarpis 3-6m.&nbsp;&nbsp;&nbsp;Latentinis raidos periodas. 7-11m.&nbsp;<\/strong>Edipinio laikotarpio svarba asmenyb\u0117s raidai. Lyties tapatumo vystymasis.&nbsp;Latentinio laikotarpiui keliami u\u017edaviniai. Tolimesn\u0117 ego ir superego raida.&nbsp;<\/li><li><strong>Paauglyst\u0117s pasikeitimai. Asmenybin\u0117s brandos tikslai. Asmenyb\u0117s raidos teorij\u0173 ap\u017evalga.<\/strong> <br>Paauglyst\u0117s laikotarpio keliami u\u017edaviniai ir sunkumai bei j\u0173 \u012ftaka brand\u017eios asmenyb\u0117s formavimuisi. Asmenyb\u0117s raidos teorij\u0173 ind\u0117lis klinikiniame darbe.&nbsp;<\/li><\/ol>\n","protected":false},"excerpt":{"rendered":"<p>ASMENYB\u0116S RAIDOS TEORIJOS (I. \u0160ulcien\u0117) Studentai susipa\u017eins su psichodinamin\u0117mis asmenyb\u0117s raidos teorijomis ir raidos tyrim\u0173 \u012ftaka teorijai ir praktikai. \u012egis \u017eini\u0173 apie psichodinamin\u0119 asmenyb\u0117s samprat\u0105 bei skirting\u0173 teorij\u0173 po\u017ei\u016br\u012f \u012f raid\u0105 bei psichopatologijos formavim\u0105si.&nbsp; Psichodinamin\u0117 asmenyb\u0117s&nbsp;&nbsp;samprata.&nbsp;&nbsp;Vaiko aplinka, motinyst\u0117, t\u0117vyst\u0117.&nbsp;Vaiko aplinkos \u012ftaka asmenyb\u0117s formavimuisi. Motinyst\u0117s, t\u0117vyst\u0117s kaip pereinamojo, krizinio laikotarpio samprata. Motinyst\u0117s ir t\u0117vyst\u0117s i\u0161\u0161\u016bkiai \u0161iuolaikiniame,<\/p>\n<p class=\"text-right\"><span class=\"screen-reader-text\">Skaityti toliau&#8230; II kursas<\/span><a class=\"btn btn-secondary continue-reading\" href=\"https:\/\/www.psichoterapijos-mokymas.lt\/grup\/programa\/ii-kursas\/\">Skaityti toliau&#8230;<\/a><\/p>\n","protected":false},"author":1,"featured_media":0,"parent":16,"menu_order":2,"comment_status":"closed","ping_status":"closed","template":"","meta":{"footnotes":""},"class_list":["post-56","page","type-page","status-publish","hentry"],"aioseo_notices":[],"_links":{"self":[{"href":"https:\/\/www.psichoterapijos-mokymas.lt\/grup\/wp-json\/wp\/v2\/pages\/56","targetHints":{"allow":["GET"]}}],"collection":[{"href":"https:\/\/www.psichoterapijos-mokymas.lt\/grup\/wp-json\/wp\/v2\/pages"}],"about":[{"href":"https:\/\/www.psichoterapijos-mokymas.lt\/grup\/wp-json\/wp\/v2\/types\/page"}],"author":[{"embeddable":true,"href":"https:\/\/www.psichoterapijos-mokymas.lt\/grup\/wp-json\/wp\/v2\/users\/1"}],"replies":[{"embeddable":true,"href":"https:\/\/www.psichoterapijos-mokymas.lt\/grup\/wp-json\/wp\/v2\/comments?post=56"}],"version-history":[{"count":8,"href":"https:\/\/www.psichoterapijos-mokymas.lt\/grup\/wp-json\/wp\/v2\/pages\/56\/revisions"}],"predecessor-version":[{"id":406,"href":"https:\/\/www.psichoterapijos-mokymas.lt\/grup\/wp-json\/wp\/v2\/pages\/56\/revisions\/406"}],"up":[{"embeddable":true,"href":"https:\/\/www.psichoterapijos-mokymas.lt\/grup\/wp-json\/wp\/v2\/pages\/16"}],"wp:attachment":[{"href":"https:\/\/www.psichoterapijos-mokymas.lt\/grup\/wp-json\/wp\/v2\/media?parent=56"}],"curies":[{"name":"wp","href":"https:\/\/api.w.org\/{rel}","templated":true}]}}